{"id":6,"date":"2023-11-16T12:09:06","date_gmt":"2023-11-16T11:09:06","guid":{"rendered":"http:\/\/challenge-velo-utile.fr\/index.php\/mesmerize\/"},"modified":"2026-01-06T11:26:06","modified_gmt":"2026-01-06T10:26:06","slug":"mesmerize","status":"publish","type":"page","link":"https:\/\/challenge-velo-utile.fr\/","title":{"rendered":"Front Page"},"content":{"rendered":"<div  id=\"about-1\" style=\"background-color: #f5fafd;\" data-label=\"About\" data-id=\"about-1\" data-export-id=\"about-1\" data-category=\"about\" class=\"about-1 content-section\"><div  class=\"gridContainer\"> <div  class=\"row text-center\"><div  class=\"section-title-col\" data-type=\"column\">  <h2  class=\"\">POUR TOUS !<\/h2> <p  class=\"lead\">Le Challenge des Mobilit\u00e9s est un \u00e9v\u00e9nement ouvert \u00e0 toutes les structures, ENTREPRISES, ETABLISSEMENTS PUBLICS, ASSOCIATIONS, ECOLES (personnels et \u00e9l\u00e8ves)<br >Pour cette 11\u00e8me \u00e9dition, les \u00e9quipes p\u00e9daleront du 18 au 24 Mai 2026.<\/p><img  decoding=\"async\" class=\"custom-image\" src=\"http:\/\/challenge-velo-utile.fr\/wp-content\/uploads\/2025\/12\/CHALLENGE2026_ABRIBUS.jpg\" title=\"CHALLENGE2026_ABRIBUS\" alt=\"\"><\/div> <\/div> <div  class=\"row\"> <div  class=\"button-holder space-bottom space-bottom-small\" data-type=\"column\"> <\/div> <div  class=\"col-xs bottom-xs flexbox image-group-bottom-3-img space-bottom-xs center-xs\"> <img  decoding=\"async\" class=\"left-img shadow-large-black\" data-size=\"500x300\" src=\"http:\/\/challenge-velo-utile.fr\/wp-content\/uploads\/2025\/12\/cropped-LOeil-de-Paco-A-velo-au-boulot-2019-190-scaled-1.jpg\" title=\"L'Oeil de Paco - A velo au boulot 2019 (190)\" alt=\"\"> <img  decoding=\"async\" class=\"center-img shadow-large-black\" data-size=\"500x300\" src=\"http:\/\/challenge-velo-utile.fr\/wp-content\/uploads\/2025\/12\/cropped-LOeil-de-Paco-A-velo-au-boulot-2019-89-scaled-1.jpg\" title=\"L'Oeil de Paco - A velo au boulot 2019 (89)\" alt=\"\"> <a  data-cp-link=\"1\" href=\"#\" class=\"right-img-anchor\" target=\"_self\" rel=\"noopener\"><img  decoding=\"async\" class=\"right-img shadow-large-black\" data-size=\"500x300\" src=\"http:\/\/challenge-velo-utile.fr\/wp-content\/uploads\/2025\/12\/cropped-LOeil-de-Paco-A-vClo-au-boulot-2017-81-scaled-1.jpg\"><\/a><\/div> <\/div><\/div> <\/div><div  id=\"content-13\" style=\"background-color: #f5fafd;\" data-label=\"Content\" data-id=\"content-2\" data-export-id=\"content-2\" data-category=\"content\" class=\"content-2 content-section content-section-spacing\"><div > <div  class=\"row middle-xs\"><div  class=\"col-sm-5 bg-image shadow-large-black\" data-bg=\"image\" style=\"background-image: url(&quot;http:\/\/challenge-velo-utile.fr\/wp-content\/uploads\/2025\/12\/cropped-cropped-cropped-LOeil-de-Paco-Velo-Utile-6.jpg&quot;);\"><\/div> <div  class=\"col-sm-7 full-col-left-padding full-col-right-padding\"> <div  class=\"row\"> <div  data-type=\"column\" class=\"space-bottom-small content-title-col\"> <h5  class=\"\">Se d\u00e9placer DIFF\u00c9REMMENT c\u2019est POSSIBLE !<\/h5> <h2  class=\"\">1 Semaine <br >  Pour se convaincre<\/h2> <p  class=\"\">Par \u00e9quipe, les participants comptabilisent durant 1 semaine (18 au 24 Mai 2026) leurs kilom\u00e8tres parcourus et tentent de gagner ensemble le Challenge !<\/p><\/div> <\/div> <div  class=\"row spaced-cols \" data-type=\"row\"> <div  class=\"col-xs-6\" data-type=\"column\">  <\/div>    <\/div><\/div> <\/div><\/div> <\/div><div  data-label=\"Counters\" data-id=\"counters--1\" data-export-id=\"counters-2\" data-category=\"counters\" class=\"counters-2 content-section content-section-spacing\" id=\"counters-1\" style=\"background-color: rgb(245, 250, 253);\"><div  class=\"gridContainer\"> <div  class=\"row text-center\"><div  class=\"section-title-col\" data-type=\"column\"> <h2  class=\"\">Nos records !<\/h2> <p  class=\"lead\">Apr\u00e8s 10 ann\u00e9es, Le Challenge s\u2019est impos\u00e9 comme un \u00e9v\u00e9nement \u00e0 ne pas manquer sur le territoire de l\u2019agglom\u00e9ration de Saint-Brieuc et m\u00eame des C\u00f4tes d\u2019Armor<\/p><\/div> <\/div> <div  class=\"row\" data-type=\"row\"> <div  class=\"col-xs-12 col-sm-4 text-center space-bottom\"> <i  class=\"fa icon color1 fa-users\"><\/i> <h3  class=\"font-400\" data-min=\"0\" data-max=\"160\" data-duration=\"2000\" data-prefix=\"\" data-suffix=\"\" data-countup=\"true\" style=\"display: inline-block;\"><\/h3> <h5  class=\"upper color2\">Equipes<\/h5><\/div> <div  class=\"col-xs-12 col-sm-4 text-center space-bottom\"><i  class=\"fa fa-smile-o icon color1\"><\/i> <h3  class=\"font-400\" data-min=\"10000\" data-max=\"4767\" data-duration=\"2000\" data-prefix=\"\" data-suffix=\"\" data-countup=\"true\" style=\"display: inline-block;\"><\/h3> <h5  class=\"upper color2\">ParticiPants<\/h5><\/div> <div  class=\"col-xs-12 col-sm-4 text-center space-bottom\"><i  class=\"fa fa-trophy icon color1\"><\/i> <h3  class=\"font-400\" data-min=\"0\" data-max=\"339850\" data-duration=\"2000\" data-prefix=\"\" data-suffix=\"km\" data-countup=\"true\" style=\"display: inline-block;\"><\/h3> <h5  class=\"upper color2\">cumul\u00e9s par les<br >participants<br >en 1 semaine !<\/h5><\/div> <\/div><\/div> <\/div><div  data-label=\"Pourquoi participer\" data-id=\"features--1\" data-export-id=\"features-12\" data-category=\"features\" class=\"features-12 content-section content-section-spacing \" id=\"pourquoi-participer\" style=\"background-color: rgb(245, 250, 253);\"><div  class=\"gridContainer\"> <div  class=\"row text-center\"><div  class=\"section-title-col\" data-type=\"column\"> <h2  class=\"\">POURQUOI PARTICIPER ? <\/h2> <img  decoding=\"async\" class=\"custom-image\" src=\"http:\/\/challenge-velo-utile.fr\/wp-content\/uploads\/2025\/12\/cropped-cropped-cropped-LOeil-de-Paco-A-vClo-au-boulot-2017-67-scaled-1-e1764675531408.jpg\" title=\"L'Oeil de Paco - A v\u00c7lo au boulot 2017 (67)\" alt=\"\"><\/div> <\/div> <div  class=\"row spaced-cols\" data-type=\"row\"> <div  class=\"col-sm-6\"> <div  class=\"row space-bottom\"> <div  class=\"col-sm-fit icon-column\"> <i  class=\"fa icon color2 fa-angellist bordered round\"><\/i> <\/div> <div  class=\"col-sm\" data-type=\"column\"> <h5  class=\"color2\">MOTIVATIONS<\/h5> <p  class=\"\">55% des salari\u00e9s briochins travaillent dans leur commune de r\u00e9sidence. 76% des salari\u00e9s des 5 communes du coeur de l\u2019agglom\u00e9ration travaillent dans ces m\u00eames communes. 50% des actifs mettent moins de 5 minutes pour se rendre en voiture sur leur lieu de travail. Les d\u00e9placements en voiture sont souvent v\u00e9cus comme stressants et sont de plus en plus co\u00fbteux.<\/p><\/div> <\/div><\/div> <div  class=\"col-sm-6\"><div  class=\"row space-bottom\"> <div  class=\"col-sm-fit icon-column\"><i  class=\"fa icon color2 fa-trophy bordered round\"><\/i><\/div> <div  class=\"col-sm\" data-type=\"column\"><h5  class=\"color2\">OBJECTIFS<\/h5> <p  class=\"\">Exp\u00e9rimenter les d\u00e9placements \u00e0 v\u00e9lo en se motivant au sein des \u00e9quipes Exp\u00e9rimenter les d\u00e9placements \u00e0 v\u00e9lo en se motivant au sein des \u00e9quipes. Inciter les employeurs \u00e0 prendre en compte ces nouveaux usages. D\u00e9dramatiser l\u2019usage du v\u00e9lo gr\u00e2ce \u00e0 des conseils.<\/p><\/div> <\/div><\/div> <div  class=\"col-sm-6\"><div  class=\"row space-bottom\"> <div  class=\"col-sm-fit icon-column\"><i  class=\"fa icon color2 fa-bomb bordered round\"><\/i><\/div> <div  class=\"col-sm\" data-type=\"column\"><h5  class=\"color2\">LUTTER CONTRE LES IDEES RECUES<\/h5> <p  class=\"\">On franchit rapidement des distances de 5 \u00e0 8 km sans s\u2019en rendre compte. On va souvent plus vite qu\u2019une automobile en ville et les temps de trajet sont toujours \u00e9quivalents.<\/p><\/div> <\/div><\/div> <div  class=\"col-sm-6\"><div  class=\"row space-bottom\"> <div  class=\"col-sm-fit icon-column\"><i  class=\"fa icon color2 fa-envira bordered round\"><\/i><\/div> <div  class=\"col-sm\" data-type=\"column\"><h5  class=\"color2\">ET PUIS SURTOUT \u2026<\/h5> <p  class=\"\">On s\u2019a\u00e8re l\u2019esprit et on arrive au boulot bien r\u00e9veill\u00e9. On lutte contre la s\u00e9dentarit\u00e9 et on se d\u00e9gourdit les jambes. On entend \u00e0 nouveau ce qu\u2019on n\u2019entendait plus. On ressent ce qu\u2019on ne ressentait plus. Bref, \u00e0 v\u00e9lo, on est VIVANT !<\/p><\/div> <\/div><\/div> <\/div><\/div> <\/div><div  id=\"portfolio-3\" style=\"background-color: #f5fafd;\" data-label=\"Portfolio\" data-id=\"portfolio-4\" data-export-id=\"portfolio-4\" data-category=\"portfolio\" class=\"portfolio-4 content-section content-section-spacing-top\"><div  class=\"\"> <div  class=\"row text-center\"><div  class=\"section-title-col\" data-type=\"column\"> <h2  class=\"\">Fais bouger ta boite&nbsp; ! Fais bouger ta classe !<\/h2> <\/div> <\/div> <div  data-type=\"row\" class=\"row\" data-fixed=\"true\"> <div  class=\"col-xs-12 col-sm-3 no-gutter-col\"> <div  class=\"contentswap-effect\" data-hover-fx=\"portfolio-4\"> <div  class=\"initial-image\"> <img  decoding=\"async\" data-size=\"542x360\" src=\"http:\/\/challenge-velo-utile.fr\/wp-content\/uploads\/2023\/11\/cropped-Ville-de-Plerin-scaled-1.jpg\"><\/div> <div  class=\"overlay bg-color1\"><\/div> <div  class=\"swap-inner col-xs-12\"> <div  class=\"row full-height-row middle-xs middle-sm\"> <div  class=\"col-xs-12 text-center content-holder\"> <a  href=\"#\" target=\"_self\" rel=\"noopener\"><i  class=\"fa icon portfolio-icon fa-search big\" aria-hidden=\"true\"><\/i><\/a><\/div> <\/div><\/div> <\/div><\/div> <div  class=\"col-xs-12 col-sm-3 no-gutter-col\"><div  class=\"contentswap-effect\" data-hover-fx=\"portfolio-4\"> <div  class=\"initial-image\"> <img  decoding=\"async\" data-size=\"542x360\" src=\"http:\/\/challenge-velo-utile.fr\/wp-content\/uploads\/2023\/11\/cropped-Les-Salines-a-Velo-220243.jpg\"><\/div> <div  class=\"overlay bg-color1\"><\/div> <div  class=\"swap-inner col-xs-12\"> <div  class=\"row full-height-row middle-xs middle-sm\"> <div  class=\"col-xs-12 text-center content-holder\"> <a  href=\"#\" target=\"_self\" rel=\"noopener\"><i  class=\"fa icon portfolio-icon fa-search big\" aria-hidden=\"true\"><\/i><\/a><\/div> <\/div><\/div> <\/div><\/div> <div  class=\"col-xs-12 col-sm-3 no-gutter-col\"><div  class=\"contentswap-effect\" data-hover-fx=\"portfolio-4\"> <div  class=\"initial-image\"> <img  decoding=\"async\" data-size=\"542x360\" src=\"http:\/\/challenge-velo-utile.fr\/wp-content\/uploads\/2023\/11\/cropped-ecole-des-greves.jpg\"><\/div> <div  class=\"overlay bg-color1\"><\/div> <div  class=\"swap-inner col-xs-12\"> <div  class=\"row full-height-row middle-xs middle-sm\"> <div  class=\"col-xs-12 text-center content-holder\"> <a  href=\"#\" target=\"_self\" rel=\"noopener\"><i  class=\"fa icon portfolio-icon fa-search big\" aria-hidden=\"true\"><\/i><\/a><\/div> <\/div><\/div> <\/div><\/div> <div  class=\"col-xs-12 col-sm-3 no-gutter-col\"><div  class=\"contentswap-effect\" data-hover-fx=\"portfolio-4\"> <div  class=\"initial-image\"> <img  decoding=\"async\" data-size=\"542x360\" src=\"http:\/\/challenge-velo-utile.fr\/wp-content\/uploads\/2023\/11\/cropped-CPAM-scaled-1.jpg\"><\/div> <div  class=\"overlay bg-color1\"><\/div> <div  class=\"swap-inner col-xs-12\"> <div  class=\"row full-height-row middle-xs middle-sm\"> <div  class=\"col-xs-12 text-center content-holder\"> <a  href=\"#\" target=\"_self\" rel=\"noopener\"><i  class=\"fa icon portfolio-icon fa-search big\" aria-hidden=\"true\"><\/i><\/a><\/div> <\/div><\/div> <\/div><\/div> <div  class=\"col-xs-12 col-sm-3 no-gutter-col\"><div  class=\"contentswap-effect\" data-hover-fx=\"portfolio-4\"> <div  class=\"initial-image\"> <img  decoding=\"async\" data-size=\"542x360\" src=\"http:\/\/challenge-velo-utile.fr\/wp-content\/uploads\/2023\/11\/cropped-lequier.jpg\"><\/div> <div  class=\"overlay bg-color1\"><\/div> <div  class=\"swap-inner col-xs-12\"> <div  class=\"row full-height-row middle-xs middle-sm\"> <div  class=\"col-xs-12 text-center content-holder\"> <a  href=\"#\" target=\"_self\" rel=\"noopener\"><i  class=\"fa icon portfolio-icon fa-search big\" aria-hidden=\"true\"><\/i><\/a><\/div> <\/div><\/div> <\/div><\/div> <div  class=\"col-xs-12 col-sm-3 no-gutter-col\"><div  class=\"contentswap-effect\" data-hover-fx=\"portfolio-4\"> <div  class=\"initial-image\"> <img  decoding=\"async\" data-size=\"542x360\" src=\"http:\/\/challenge-velo-utile.fr\/wp-content\/uploads\/2023\/11\/cropped-Aveloauboulot-Le-CA-particpe19984.png\"><\/div> <div  class=\"overlay bg-color1\"><\/div> <div  class=\"swap-inner col-xs-12\"> <div  class=\"row full-height-row middle-xs middle-sm\"> <div  class=\"col-xs-12 text-center content-holder\"> <a  href=\"#\" target=\"_self\" rel=\"noopener\"><i  class=\"fa icon portfolio-icon fa-search big\" aria-hidden=\"true\"><\/i><\/a><\/div> <\/div><\/div> <\/div><\/div> <div  class=\"col-xs-12 col-sm-3 no-gutter-col\"><div  class=\"contentswap-effect\" data-hover-fx=\"portfolio-4\"> <div  class=\"initial-image\"> <img  decoding=\"async\" data-size=\"542x360\" src=\"http:\/\/challenge-velo-utile.fr\/wp-content\/uploads\/2023\/11\/cropped-cci.jpg\"><\/div> <div  class=\"overlay bg-color1\"><\/div> <div  class=\"swap-inner col-xs-12\"> <div  class=\"row full-height-row middle-xs middle-sm\"> <div  class=\"col-xs-12 text-center content-holder\"> <a  href=\"#\" target=\"_self\" rel=\"noopener\"><i  class=\"fa icon portfolio-icon fa-search big\" aria-hidden=\"true\"><\/i><\/a><\/div> <\/div><\/div> <\/div><\/div> <div  class=\"col-xs-12 col-sm-3 no-gutter-col\"><div  class=\"contentswap-effect\" data-hover-fx=\"portfolio-4\"> <div  class=\"initial-image\"> <img  decoding=\"async\" data-size=\"542x360\" src=\"http:\/\/challenge-velo-utile.fr\/wp-content\/uploads\/2025\/12\/cropped-langueux.jpeg\"><\/div> <div  class=\"overlay bg-color1\"><\/div> <div  class=\"swap-inner col-xs-12\"> <div  class=\"row full-height-row middle-xs middle-sm\"> <div  class=\"col-xs-12 text-center content-holder\"> <a  href=\"#\" target=\"_self\" rel=\"noopener\"><i  class=\"fa icon portfolio-icon fa-search big\" aria-hidden=\"true\"><\/i><\/a><\/div> <\/div><\/div> <\/div><\/div> <\/div><\/div> <\/div><div  id=\"testimonials-5\" style=\"background-color: #ffffff;\" data-label=\"Testimonials\" data-id=\"testimonials-5\" data-export-id=\"testimonials-5\" data-category=\"testimonials\" class=\"testimonials-5 content-section content-section-spacing\"><div  class=\"gridContainer\"> <div  class=\"row\"><div  data-type=\"column\" class=\"section-title-col\"> <h2  class=\"\">T\u00e9moignages<\/h2> <p  class=\"lead\">Le Challenge, ce sont eux qui en parle le mieux<\/p><\/div> <\/div> <div  class=\"row spaced-cols content-center-sm\" data-type=\"row\"> <div  class=\"col-xs-12 col-sm-6 col-md-4\"> <div  class=\"card y-move bordered\" data-type=\"column\"> <i  class=\"fa fa-quote-right icon color1 small quotation-icon\"><\/i> <p  class=\"text-center\">Le challenge, c\u2019est une bonne bouff\u00e9e d\u2019air, \u00e7a donne du peps pour commencer la journ\u00e9e !<br >Nous nous rejoignions pour venir \u00e0 plusieurs, cela nous a permis de nous voir dans un autre cadre que celui du travail et d\u2019arriver avec le plein d\u2019\u00e9nergie au boulot !<br >La premi\u00e8re ann\u00e9e, nous \u00e9tions 3 \u00e0 participer, nous passions un peu pour des extra-terrestres Mais l\u2019ann\u00e9e derni\u00e8re, nous avons motiv\u00e9 nos coll\u00e8gues et nous nous sommes retrouv\u00e9s \u00e0 19 participants ! Ca renforce l\u2019esprit d\u2019\u00e9quipe et<br >certains ont m\u00eame prolong\u00e9 l\u2019exp\u00e9rience en continuant \u00e0 venir \u00e0 v\u00e9lo, et ont m\u00eame investi dans un v\u00e9lo \u00e9lectrique ! <\/p> <img  decoding=\"async\" src=\"http:\/\/challenge-velo-utile.fr\/wp-content\/uploads\/2023\/11\/cropped-cropped-gwennael-tano-2.jpg\" class=\"round icon\" title=\"cropped-cropped-gwennael-tano-2.jpg\" alt=\"\"> <h6  class=\"\">Gw\u00e9na\u00eblle<\/h6> <p  class=\"small italic\">Kersia<\/p><\/div> <\/div> <div  class=\"col-xs-12 col-sm-6 col-md-4\"> <div  class=\"card y-move bordered\" data-type=\"column\"> <i  class=\"fa fa-quote-right icon color1 small quotation-icon\"><\/i> <p  class=\"text-center\">A CAD, le Challenge, c\u2019est depuis 4 ans notre rendez-vous \u00ab mobilit\u00e9 \u00bb de l\u2019ann\u00e9e. Nous avons la chance de travailler en centre-ville et on est plusieurs \u00e0 venir r\u00e9guli\u00e8rement \u00e0 v\u00e9lo. La semaine du Challenge est pour toute l\u2019\u00e9quipe l\u2019occasion de r\u00e9fl\u00e9chir \u00e0 ses d\u00e9placements, pour certains de tester des combinaisons v\u00e9lo-train-v\u00e9lo ou encore des VAE.<br >A ceux qui h\u00e9sitent \u00e0 participer, je dirais qu\u2019en r\u00e9unissant 100 organismes de toutes tailles et de tous horizons, le Challenge c\u2019est sans doute le team-building inter-entreprises le plus sympathique sur l\u2019agglo briochine. En plus, c\u2019est gratuit et il y a de jolis troph\u00e9es \u00e0 gagner <\/p> <img  decoding=\"async\" src=\"http:\/\/challenge-velo-utile.fr\/wp-content\/uploads\/2023\/11\/cropped-cropped-LOeil-de-Paco-A-vClo-au-boulot-2017-42.jpg\" class=\"round icon\" title=\"cropped-cropped-LOeil-de-Paco-A-vClo-au-boulot-2017-42.jpg\" alt=\"\"> <h6  class=\"\">Yohann<\/h6> <p  class=\"small italic\">C\u00f4tes d\u2019Armor D\u00e9veloppement<\/p><\/div> <\/div> <div  class=\"col-xs-12 col-sm-6 col-md-4\"> <div  class=\"card y-move bordered\" data-type=\"column\"> <i  class=\"fa fa-quote-right icon color1 small quotation-icon\"><\/i> <p  class=\"text-center\">Le challenge m\u2019a permis de me confronter \u00e0 une communaut\u00e9 de v\u00e9lo-taffeurs motiv\u00e9s et enthousiastes : nous \u00e9tions des dizaines \u00e0 jouer le jeu ! Et c\u2019est l\u2019importance du nombre qui m\u2019a apport\u00e9 encore plus de motivation. Circuler \u00e0 v\u00e9lo, c\u2019est plus rigolo, et le challenge est parfait pour le d\u00e9couvrir. Alors, \u00e0 vos v\u00e9los, pr\u00eats, p\u00e9dalez !<\/p> <img  decoding=\"async\" src=\"http:\/\/challenge-velo-utile.fr\/wp-content\/uploads\/2023\/11\/cropped-cropped-LOeil-de-Paco-A-velo-au-boulot-2019-Minis-93-3.jpg\" class=\"round icon\" title=\"cropped-cropped-LOeil-de-Paco-A-velo-au-boulot-2019-Minis-93-3.jpg\" alt=\"\"> <h6  class=\"\">Perrine<\/h6> <p  class=\"small italic\">En Fran\u00e7ais dans le Texte<\/p><\/div> <\/div><\/div> <\/div><\/div><div  id=\"contact-1\" data-label=\"Contact\" data-id=\"contact-1\" data-export-id=\"contact-1\" data-category=\"contact\" class=\"contact-1 content-section content-section-spacing white-text\" data-parallax-depth=\"20\" style=\"background-image: url(&quot;http:\/\/challenge-velo-utile.fr\/wp-content\/uploads\/2025\/12\/LOeil-de-Paco-Velo-Utile-2018-194-scaled.jpg&quot;); background-size: cover; background-position: center top;\"><div  class=\"gridContainer\"> <div  class=\"row text-center\"><div  class=\"section-title-col\" data-type=\"column\"> <h2  class=\"\">Pour toute demande d\u2019information<\/h2> <\/div> <\/div> <div  class=\"row text-center\"> <div  class=\"col-xs-12 col-sm-8 col-sm-offset-2 contact-form-wrapper inline-info\"> <div  class=\"card large-padding\"> <div  class=\"\" data-content-shortcode=\"mesmerize_contact_form shortcode=&quot;contact-form-7 id=&amp;amp;quot;4c37df2&amp;amp;quot; title=&amp;amp;quot;Formulaire de contact 1&amp;amp;quot;&quot;\" data-editable=\"true\">\n<div class=\"wpcf7 no-js\" id=\"wpcf7-f132-o1\" lang=\"fr-FR\" dir=\"ltr\" data-wpcf7-id=\"132\">\n<div class=\"screen-reader-response\"><p role=\"status\" aria-live=\"polite\" aria-atomic=\"true\"><\/p> <ul><\/ul><\/div>\n<form action=\"\/index.php\/wp-json\/wp\/v2\/pages\/6#wpcf7-f132-o1\" method=\"post\" class=\"wpcf7-form init\" aria-label=\"Formulaire de contact\" novalidate=\"novalidate\" data-status=\"init\">\n<fieldset class=\"hidden-fields-container\"><input type=\"hidden\" name=\"_wpcf7\" value=\"132\" \/><input type=\"hidden\" name=\"_wpcf7_version\" value=\"6.1.5\" \/><input type=\"hidden\" name=\"_wpcf7_locale\" value=\"fr_FR\" \/><input type=\"hidden\" name=\"_wpcf7_unit_tag\" value=\"wpcf7-f132-o1\" \/><input type=\"hidden\" name=\"_wpcf7_container_post\" value=\"0\" \/><input type=\"hidden\" name=\"_wpcf7_posted_data_hash\" value=\"\" \/>\n<\/fieldset>\n<p><label> Nom de votre structure (obligatoire)<br \/>\n<span class=\"wpcf7-form-control-wrap\" data-name=\"structure\"><input size=\"40\" maxlength=\"400\" class=\"wpcf7-form-control wpcf7-text wpcf7-validates-as-required\" aria-required=\"true\" aria-invalid=\"false\" value=\"\" type=\"text\" name=\"structure\" \/><\/span> <\/label>\n<\/p>\n<p><label> Type de structure (obligatoire)<br \/>\n<span class=\"wpcf7-form-control-wrap\" data-name=\"menu-typstructure\"><select class=\"wpcf7-form-control wpcf7-select wpcf7-validates-as-required\" id=\"TypStructure\" aria-required=\"true\" aria-invalid=\"false\" name=\"menu-typstructure\"><option value=\"Entreprise\">Entreprise<\/option><option value=\"Etablissement public\">Etablissement public<\/option><option value=\"Association\">Association<\/option><option value=\"Etablissement d&#039;enseignement\">Etablissement d&#039;enseignement<\/option><\/select><\/span> <\/label>\n<\/p>\n<p><label> Votre pr\u00e9nom (obligatoire)<br \/>\n<span class=\"wpcf7-form-control-wrap\" data-name=\"your-forname\"><input size=\"40\" maxlength=\"400\" class=\"wpcf7-form-control wpcf7-text wpcf7-validates-as-required\" aria-required=\"true\" aria-invalid=\"false\" value=\"\" type=\"text\" name=\"your-forname\" \/><\/span> <\/label>\n<\/p>\n<p><label> Votre nom (obligatoire)<br \/>\n<span class=\"wpcf7-form-control-wrap\" data-name=\"your-name\"><input size=\"40\" maxlength=\"400\" class=\"wpcf7-form-control wpcf7-text wpcf7-validates-as-required\" aria-required=\"true\" aria-invalid=\"false\" value=\"\" type=\"text\" name=\"your-name\" \/><\/span> <\/label>\n<\/p>\n<p><label> Votre adresse de messagerie (obligatoire)<br \/>\n<span class=\"wpcf7-form-control-wrap\" data-name=\"your-email\"><input size=\"40\" maxlength=\"400\" class=\"wpcf7-form-control wpcf7-email wpcf7-validates-as-required wpcf7-text wpcf7-validates-as-email\" aria-required=\"true\" aria-invalid=\"false\" value=\"\" type=\"email\" name=\"your-email\" \/><\/span> <\/label>\n<\/p>\n<p><label> Votre t\u00e9l\u00e9phone (obligatoire)<br \/>\n<span class=\"wpcf7-form-control-wrap\" data-name=\"tel-172\"><input size=\"40\" maxlength=\"400\" class=\"wpcf7-form-control wpcf7-tel wpcf7-validates-as-required wpcf7-text wpcf7-validates-as-tel\" id=\"phone\" aria-required=\"true\" aria-invalid=\"false\" value=\"\" type=\"tel\" name=\"tel-172\" \/><\/span><\/label>\n<\/p>\n<p><label> Votre question <span class=\"wpcf7-form-control-wrap\" data-name=\"Votrequestion\"><input size=\"40\" maxlength=\"400\" class=\"wpcf7-form-control wpcf7-text wpcf7-validates-as-required\" aria-required=\"true\" aria-invalid=\"false\" value=\"\" type=\"text\" name=\"Votrequestion\" \/><\/span> <\/label>\n<\/p>\n<p><input class=\"wpcf7-form-control wpcf7-submit has-spinner\" type=\"submit\" value=\"Envoyer\" \/>\n<\/p><div class=\"wpcf7-response-output\" aria-hidden=\"true\"><\/div>\n<\/form>\n<\/div>\n<\/div><\/div> <\/div><\/div> <\/div><\/div>","protected":false},"excerpt":{"rendered":"<p>POUR TOUS ! Le Challenge des Mobilit\u00e9s est un \u00e9v\u00e9nement ouvert \u00e0 toutes les structures, ENTREPRISES, ETABLISSEMENTS PUBLICS, ASSOCIATIONS, ECOLES (personnels et \u00e9l\u00e8ves)Pour cette 11\u00e8me \u00e9dition, les \u00e9quipes p\u00e9daleront du 18 au 24 Mai 2026. Se d\u00e9placer DIFF\u00c9REMMENT c\u2019est POSSIBLE ! 1 Semaine Pour se convaincre Par \u00e9quipe, les participants comptabilisent durant 1 semaine (18&hellip; <br \/> <a class=\"read-more\" href=\"https:\/\/challenge-velo-utile.fr\/\">Lire la suite<\/a><\/p>\n","protected":false},"author":1,"featured_media":0,"parent":0,"menu_order":0,"comment_status":"closed","ping_status":"closed","template":"page-templates\/homepage.php","meta":{"footnotes":""},"class_list":["post-6","page","type-page","status-publish","hentry"],"yoast_head":"<!-- This site is optimized with the Yoast SEO plugin v27.4 - https:\/\/yoast.com\/product\/yoast-seo-wordpress\/ -->\n<title>Front Page - Le challenge des mobilit\u00e9s St-Brieuc C\u00f4tes d&#039;Armor<\/title>\n<meta name=\"robots\" content=\"index, follow, max-snippet:-1, max-image-preview:large, max-video-preview:-1\" \/>\n<link rel=\"canonical\" href=\"https:\/\/challenge-velo-utile.fr\/\" \/>\n<meta property=\"og:locale\" content=\"fr_FR\" \/>\n<meta property=\"og:type\" content=\"article\" \/>\n<meta property=\"og:title\" content=\"Front Page - Le challenge des mobilit\u00e9s St-Brieuc C\u00f4tes d&#039;Armor\" \/>\n<meta property=\"og:description\" content=\"POUR TOUS ! Le Challenge des Mobilit\u00e9s est un \u00e9v\u00e9nement ouvert \u00e0 toutes les structures, ENTREPRISES, ETABLISSEMENTS PUBLICS, ASSOCIATIONS, ECOLES (personnels et \u00e9l\u00e8ves)Pour cette 11\u00e8me \u00e9dition, les \u00e9quipes p\u00e9daleront du 18 au 24 Mai 2026. Se d\u00e9placer DIFF\u00c9REMMENT c\u2019est POSSIBLE ! 1 Semaine Pour se convaincre Par \u00e9quipe, les participants comptabilisent durant 1 semaine (18&hellip; Lire la suite\" \/>\n<meta property=\"og:url\" content=\"https:\/\/challenge-velo-utile.fr\/\" \/>\n<meta property=\"og:site_name\" content=\"Le challenge des mobilit\u00e9s St-Brieuc C\u00f4tes d&#039;Armor\" \/>\n<meta property=\"article:publisher\" content=\"https:\/\/www.facebook.com\/challengeveloutile\/\" \/>\n<meta property=\"article:modified_time\" content=\"2026-01-06T10:26:06+00:00\" \/>\n<meta property=\"og:image\" content=\"http:\/\/challenge-velo-utile.fr\/wp-content\/uploads\/2025\/12\/CHALLENGE2026_ABRIBUS.jpg\" \/>\n<meta name=\"twitter:card\" content=\"summary_large_image\" \/>\n<meta name=\"twitter:site\" content=\"@CHALLENGEVELO22\" \/>\n<meta name=\"twitter:label1\" content=\"Dur\u00e9e de lecture estim\u00e9e\" \/>\n\t<meta name=\"twitter:data1\" content=\"3 minutes\" \/>\n<script type=\"application\/ld+json\" class=\"yoast-schema-graph\">{\"@context\":\"https:\\\/\\\/schema.org\",\"@graph\":[{\"@type\":\"WebPage\",\"@id\":\"https:\\\/\\\/challenge-velo-utile.fr\\\/\",\"url\":\"https:\\\/\\\/challenge-velo-utile.fr\\\/\",\"name\":\"Front Page - Le challenge des mobilit\u00e9s St-Brieuc C\u00f4tes d&#039;Armor\",\"isPartOf\":{\"@id\":\"https:\\\/\\\/challenge-velo-utile.fr\\\/#website\"},\"primaryImageOfPage\":{\"@id\":\"https:\\\/\\\/challenge-velo-utile.fr\\\/#primaryimage\"},\"image\":{\"@id\":\"https:\\\/\\\/challenge-velo-utile.fr\\\/#primaryimage\"},\"thumbnailUrl\":\"http:\\\/\\\/challenge-velo-utile.fr\\\/wp-content\\\/uploads\\\/2025\\\/12\\\/CHALLENGE2026_ABRIBUS.jpg\",\"datePublished\":\"2023-11-16T11:09:06+00:00\",\"dateModified\":\"2026-01-06T10:26:06+00:00\",\"breadcrumb\":{\"@id\":\"https:\\\/\\\/challenge-velo-utile.fr\\\/#breadcrumb\"},\"inLanguage\":\"fr-FR\",\"potentialAction\":[{\"@type\":\"ReadAction\",\"target\":[\"https:\\\/\\\/challenge-velo-utile.fr\\\/\"]}]},{\"@type\":\"ImageObject\",\"inLanguage\":\"fr-FR\",\"@id\":\"https:\\\/\\\/challenge-velo-utile.fr\\\/#primaryimage\",\"url\":\"http:\\\/\\\/challenge-velo-utile.fr\\\/wp-content\\\/uploads\\\/2025\\\/12\\\/CHALLENGE2026_ABRIBUS.jpg\",\"contentUrl\":\"http:\\\/\\\/challenge-velo-utile.fr\\\/wp-content\\\/uploads\\\/2025\\\/12\\\/CHALLENGE2026_ABRIBUS.jpg\"},{\"@type\":\"BreadcrumbList\",\"@id\":\"https:\\\/\\\/challenge-velo-utile.fr\\\/#breadcrumb\",\"itemListElement\":[{\"@type\":\"ListItem\",\"position\":1,\"name\":\"Accueil\",\"item\":\"https:\\\/\\\/challenge-velo-utile.fr\\\/\"},{\"@type\":\"ListItem\",\"position\":2,\"name\":\"Front Page\"}]},{\"@type\":\"WebSite\",\"@id\":\"https:\\\/\\\/challenge-velo-utile.fr\\\/#website\",\"url\":\"https:\\\/\\\/challenge-velo-utile.fr\\\/\",\"name\":\"Le challenge des mobilit\u00e9s St-Brieuc C\u00f4tes d'Armor\",\"description\":\"\",\"publisher\":{\"@id\":\"https:\\\/\\\/challenge-velo-utile.fr\\\/#organization\"},\"alternateName\":\"Challenge V\u00e9lo Utile\",\"potentialAction\":[{\"@type\":\"SearchAction\",\"target\":{\"@type\":\"EntryPoint\",\"urlTemplate\":\"https:\\\/\\\/challenge-velo-utile.fr\\\/?s={search_term_string}\"},\"query-input\":{\"@type\":\"PropertyValueSpecification\",\"valueRequired\":true,\"valueName\":\"search_term_string\"}}],\"inLanguage\":\"fr-FR\"},{\"@type\":\"Organization\",\"@id\":\"https:\\\/\\\/challenge-velo-utile.fr\\\/#organization\",\"name\":\"Le challenge des mobilit\u00e9s St-Brieuc C\u00f4tes d'Armor\",\"alternateName\":\"Challenge V\u00e9lo Utile\",\"url\":\"https:\\\/\\\/challenge-velo-utile.fr\\\/\",\"logo\":{\"@type\":\"ImageObject\",\"inLanguage\":\"fr-FR\",\"@id\":\"https:\\\/\\\/challenge-velo-utile.fr\\\/#\\\/schema\\\/logo\\\/image\\\/\",\"url\":\"https:\\\/\\\/challenge-velo-utile.fr\\\/wp-content\\\/uploads\\\/2023\\\/11\\\/A3-CMSBA2024.png\",\"contentUrl\":\"https:\\\/\\\/challenge-velo-utile.fr\\\/wp-content\\\/uploads\\\/2023\\\/11\\\/A3-CMSBA2024.png\",\"width\":842,\"height\":1191,\"caption\":\"Le challenge des mobilit\u00e9s St-Brieuc C\u00f4tes d'Armor\"},\"image\":{\"@id\":\"https:\\\/\\\/challenge-velo-utile.fr\\\/#\\\/schema\\\/logo\\\/image\\\/\"},\"sameAs\":[\"https:\\\/\\\/www.facebook.com\\\/challengeveloutile\\\/\",\"https:\\\/\\\/x.com\\\/CHALLENGEVELO22\"]}]}<\/script>\n<!-- \/ Yoast SEO plugin. -->","yoast_head_json":{"title":"Front Page - Le challenge des mobilit\u00e9s St-Brieuc C\u00f4tes d&#039;Armor","robots":{"index":"index","follow":"follow","max-snippet":"max-snippet:-1","max-image-preview":"max-image-preview:large","max-video-preview":"max-video-preview:-1"},"canonical":"https:\/\/challenge-velo-utile.fr\/","og_locale":"fr_FR","og_type":"article","og_title":"Front Page - Le challenge des mobilit\u00e9s St-Brieuc C\u00f4tes d&#039;Armor","og_description":"POUR TOUS ! Le Challenge des Mobilit\u00e9s est un \u00e9v\u00e9nement ouvert \u00e0 toutes les structures, ENTREPRISES, ETABLISSEMENTS PUBLICS, ASSOCIATIONS, ECOLES (personnels et \u00e9l\u00e8ves)Pour cette 11\u00e8me \u00e9dition, les \u00e9quipes p\u00e9daleront du 18 au 24 Mai 2026. Se d\u00e9placer DIFF\u00c9REMMENT c\u2019est POSSIBLE ! 1 Semaine Pour se convaincre Par \u00e9quipe, les participants comptabilisent durant 1 semaine (18&hellip; Lire la suite","og_url":"https:\/\/challenge-velo-utile.fr\/","og_site_name":"Le challenge des mobilit\u00e9s St-Brieuc C\u00f4tes d&#039;Armor","article_publisher":"https:\/\/www.facebook.com\/challengeveloutile\/","article_modified_time":"2026-01-06T10:26:06+00:00","og_image":[{"url":"http:\/\/challenge-velo-utile.fr\/wp-content\/uploads\/2025\/12\/CHALLENGE2026_ABRIBUS.jpg","type":"","width":"","height":""}],"twitter_card":"summary_large_image","twitter_site":"@CHALLENGEVELO22","twitter_misc":{"Dur\u00e9e de lecture estim\u00e9e":"3 minutes"},"schema":{"@context":"https:\/\/schema.org","@graph":[{"@type":"WebPage","@id":"https:\/\/challenge-velo-utile.fr\/","url":"https:\/\/challenge-velo-utile.fr\/","name":"Front Page - Le challenge des mobilit\u00e9s St-Brieuc C\u00f4tes d&#039;Armor","isPartOf":{"@id":"https:\/\/challenge-velo-utile.fr\/#website"},"primaryImageOfPage":{"@id":"https:\/\/challenge-velo-utile.fr\/#primaryimage"},"image":{"@id":"https:\/\/challenge-velo-utile.fr\/#primaryimage"},"thumbnailUrl":"http:\/\/challenge-velo-utile.fr\/wp-content\/uploads\/2025\/12\/CHALLENGE2026_ABRIBUS.jpg","datePublished":"2023-11-16T11:09:06+00:00","dateModified":"2026-01-06T10:26:06+00:00","breadcrumb":{"@id":"https:\/\/challenge-velo-utile.fr\/#breadcrumb"},"inLanguage":"fr-FR","potentialAction":[{"@type":"ReadAction","target":["https:\/\/challenge-velo-utile.fr\/"]}]},{"@type":"ImageObject","inLanguage":"fr-FR","@id":"https:\/\/challenge-velo-utile.fr\/#primaryimage","url":"http:\/\/challenge-velo-utile.fr\/wp-content\/uploads\/2025\/12\/CHALLENGE2026_ABRIBUS.jpg","contentUrl":"http:\/\/challenge-velo-utile.fr\/wp-content\/uploads\/2025\/12\/CHALLENGE2026_ABRIBUS.jpg"},{"@type":"BreadcrumbList","@id":"https:\/\/challenge-velo-utile.fr\/#breadcrumb","itemListElement":[{"@type":"ListItem","position":1,"name":"Accueil","item":"https:\/\/challenge-velo-utile.fr\/"},{"@type":"ListItem","position":2,"name":"Front Page"}]},{"@type":"WebSite","@id":"https:\/\/challenge-velo-utile.fr\/#website","url":"https:\/\/challenge-velo-utile.fr\/","name":"Le challenge des mobilit\u00e9s St-Brieuc C\u00f4tes d'Armor","description":"","publisher":{"@id":"https:\/\/challenge-velo-utile.fr\/#organization"},"alternateName":"Challenge V\u00e9lo Utile","potentialAction":[{"@type":"SearchAction","target":{"@type":"EntryPoint","urlTemplate":"https:\/\/challenge-velo-utile.fr\/?s={search_term_string}"},"query-input":{"@type":"PropertyValueSpecification","valueRequired":true,"valueName":"search_term_string"}}],"inLanguage":"fr-FR"},{"@type":"Organization","@id":"https:\/\/challenge-velo-utile.fr\/#organization","name":"Le challenge des mobilit\u00e9s St-Brieuc C\u00f4tes d'Armor","alternateName":"Challenge V\u00e9lo Utile","url":"https:\/\/challenge-velo-utile.fr\/","logo":{"@type":"ImageObject","inLanguage":"fr-FR","@id":"https:\/\/challenge-velo-utile.fr\/#\/schema\/logo\/image\/","url":"https:\/\/challenge-velo-utile.fr\/wp-content\/uploads\/2023\/11\/A3-CMSBA2024.png","contentUrl":"https:\/\/challenge-velo-utile.fr\/wp-content\/uploads\/2023\/11\/A3-CMSBA2024.png","width":842,"height":1191,"caption":"Le challenge des mobilit\u00e9s St-Brieuc C\u00f4tes d'Armor"},"image":{"@id":"https:\/\/challenge-velo-utile.fr\/#\/schema\/logo\/image\/"},"sameAs":["https:\/\/www.facebook.com\/challengeveloutile\/","https:\/\/x.com\/CHALLENGEVELO22"]}]}},"_links":{"self":[{"href":"https:\/\/challenge-velo-utile.fr\/index.php\/wp-json\/wp\/v2\/pages\/6","targetHints":{"allow":["GET"]}}],"collection":[{"href":"https:\/\/challenge-velo-utile.fr\/index.php\/wp-json\/wp\/v2\/pages"}],"about":[{"href":"https:\/\/challenge-velo-utile.fr\/index.php\/wp-json\/wp\/v2\/types\/page"}],"author":[{"embeddable":true,"href":"https:\/\/challenge-velo-utile.fr\/index.php\/wp-json\/wp\/v2\/users\/1"}],"replies":[{"embeddable":true,"href":"https:\/\/challenge-velo-utile.fr\/index.php\/wp-json\/wp\/v2\/comments?post=6"}],"version-history":[{"count":23,"href":"https:\/\/challenge-velo-utile.fr\/index.php\/wp-json\/wp\/v2\/pages\/6\/revisions"}],"predecessor-version":[{"id":355,"href":"https:\/\/challenge-velo-utile.fr\/index.php\/wp-json\/wp\/v2\/pages\/6\/revisions\/355"}],"wp:attachment":[{"href":"https:\/\/challenge-velo-utile.fr\/index.php\/wp-json\/wp\/v2\/media?parent=6"}],"curies":[{"name":"wp","href":"https:\/\/api.w.org\/{rel}","templated":true}]}}