{"id":283,"date":"2025-06-17T10:13:43","date_gmt":"2025-06-17T08:13:43","guid":{"rendered":"https:\/\/challenge-velo-utile.fr\/?page_id=283"},"modified":"2025-06-17T10:43:20","modified_gmt":"2025-06-17T08:43:20","slug":"palmares-2025","status":"publish","type":"page","link":"https:\/\/challenge-velo-utile.fr\/index.php\/palmares-2025\/","title":{"rendered":"Palmar\u00e8s 2025"},"content":{"rendered":"\n<p>Sacr\u00e9e \u00e9dition du challenge des mobilit\u00e9s Saint-Brieuc Armor (12-18 mai) cette ann\u00e9e avec une participation et des km parcourus impressionnants.<\/p>\n\n\n<div class=\"wp-block-image\">\n<figure class=\"aligncenter size-full\"><img loading=\"lazy\" decoding=\"async\" width=\"756\" height=\"1008\" src=\"https:\/\/challenge-velo-utile.fr\/wp-content\/uploads\/2025\/06\/20250616_104422_resized.jpg\" alt=\"\" class=\"wp-image-290\" srcset=\"https:\/\/challenge-velo-utile.fr\/wp-content\/uploads\/2025\/06\/20250616_104422_resized.jpg 756w, https:\/\/challenge-velo-utile.fr\/wp-content\/uploads\/2025\/06\/20250616_104422_resized-225x300.jpg 225w\" sizes=\"auto, (max-width: 756px) 100vw, 756px\" \/><\/figure>\n<\/div>\n\n\n<h2 class=\"wp-block-heading has-text-align-center\">LE D\u00c9FI COLLECTIF<\/h2>\n\n\n\n<p class=\"has-text-align-center\"><img loading=\"lazy\" decoding=\"async\" width=\"16\" height=\"16\" src=\"\" alt=\"\ud83d\udc49\"> <strong>4674 Participants <\/strong><img loading=\"lazy\" decoding=\"async\" width=\"16\" height=\"16\" src=\"\" alt=\"\ud83d\udc69\u200d\ud83d\udc69\u200d\ud83d\udc66\u200d\ud83d\udc66\"><\/p>\n\n\n\n<p class=\"has-text-align-center\"><img loading=\"lazy\" decoding=\"async\" width=\"16\" height=\"16\" src=\"\" alt=\"\ud83d\udc49\"><strong> 67 228 km de v\u00e9lo <\/strong><img loading=\"lazy\" decoding=\"async\" width=\"16\" height=\"16\" src=\"\" alt=\"\ud83d\udeb2\"> \/ 7j<\/p>\n\n\n\n<blockquote class=\"wp-block-quote is-layout-flow wp-block-quote-is-layout-flow\">\n<p class=\"has-text-align-center\"><img loading=\"lazy\" decoding=\"async\" width=\"16\" height=\"16\" src=\"\" alt=\"\ud83c\udf0e\"> <strong>1.7 fois<\/strong> le Tour de la Terre !<\/p>\n<\/blockquote>\n\n\n\n<p class=\"has-text-align-center\"><img loading=\"lazy\" decoding=\"async\" width=\"16\" height=\"16\" src=\"\" alt=\"\ud83d\udc49\"> <strong>346 856 km multimodaux<\/strong> <img loading=\"lazy\" decoding=\"async\" width=\"16\" height=\"16\" src=\"\" alt=\"\ud83d\ude8d\"> <img loading=\"lazy\" decoding=\"async\" width=\"16\" height=\"16\" src=\"\" alt=\"\ud83d\udef4\"> <img loading=\"lazy\" decoding=\"async\" width=\"16\" height=\"16\" src=\"\" alt=\"\ud83d\ude84\"> <img loading=\"lazy\" decoding=\"async\" width=\"16\" height=\"16\" src=\"\" alt=\"\ud83d\ude89\"> <img loading=\"lazy\" decoding=\"async\" width=\"16\" height=\"16\" src=\"\" alt=\"\ud83d\udeb2\"> \ud83c\udfc3\u200d\u2642\ufe0f\u200d \/ 7j<\/p>\n\n\n\n<blockquote class=\"wp-block-quote is-layout-flow wp-block-quote-is-layout-flow\">\n<p class=\"has-text-align-center\">Quasi (0.9 fois) <img loading=\"lazy\" decoding=\"async\" src=\"\" alt=\"\ud83d\ude80\" width=\"16\" height=\"16\"> la distance de la <img loading=\"lazy\" decoding=\"async\" src=\"\" alt=\"\ud83c\udf0e\" width=\"16\" height=\"16\"> Terre \u00e0 la <img loading=\"lazy\" decoding=\"async\" src=\"\" alt=\"\ud83c\udf19\" width=\"16\" height=\"16\"> Lune (384 400km)<\/p>\n<\/blockquote>\n\n\n<div class=\"wp-block-image\">\n<figure class=\"aligncenter size-full\"><img loading=\"lazy\" decoding=\"async\" width=\"1008\" height=\"756\" src=\"https:\/\/challenge-velo-utile.fr\/wp-content\/uploads\/2025\/06\/20250616_121203_resized.jpg\" alt=\"\" class=\"wp-image-289\" srcset=\"https:\/\/challenge-velo-utile.fr\/wp-content\/uploads\/2025\/06\/20250616_121203_resized.jpg 1008w, https:\/\/challenge-velo-utile.fr\/wp-content\/uploads\/2025\/06\/20250616_121203_resized-300x225.jpg 300w, https:\/\/challenge-velo-utile.fr\/wp-content\/uploads\/2025\/06\/20250616_121203_resized-768x576.jpg 768w\" sizes=\"auto, (max-width: 1008px) 100vw, 1008px\" \/><\/figure>\n<\/div>\n\n\n<hr class=\"wp-block-separator has-alpha-channel-opacity\"\/>\n\n\n\n<h2 class=\"wp-block-heading has-text-align-center\">LES PODIUMS<\/h2>\n\n\n\n<h2 class=\"wp-block-heading has-text-align-center\">PAR CAT\u00c9GORIE<\/h2>\n\n\n\n<p><strong>Associations Culturelles et sportives <\/strong><\/p>\n\n\n\n<ol class=\"wp-block-list\">\n<li>Saint-Brieuc Triathlon <strong>3410 km<\/strong> <\/li>\n\n\n\n<li>Amicale Cyclotouriste Briochine<strong> 2659 km<\/strong><\/li>\n\n\n\n<li>Espace Forme Pilates <strong>1167 km<\/strong><\/li>\n<\/ol>\n\n\n\n<p><em><strong>Encouragements<\/strong><\/em> \u00e0 l\u2019association <strong>Les Fourmis Vertes<\/strong> de Ploufragan pour leur 1\u00e8re participation et une superbe place de 4\u00e8me en km v\u00e9lo et un super engagement sur la multimodalit\u00e9<\/p>\n\n\n\n<hr class=\"wp-block-separator has-alpha-channel-opacity\"\/>\n\n\n\n<p><strong>Comit\u00e9s de Quartier<\/strong><\/p>\n\n\n\n<ol class=\"wp-block-list\">\n<li>Comit\u00e9 d\u2019Animation de Robien <strong>2171 km<\/strong> et surtout 80 participants&nbsp;!<\/li>\n\n\n\n<li>Comit\u00e9 de quartier des Grands Villages <strong>318 km<\/strong><\/li>\n<\/ol>\n\n\n\n<hr class=\"wp-block-separator has-alpha-channel-opacity\"\/>\n\n\n\n<p><strong>Mairies<\/strong><\/p>\n\n\n\n<ol class=\"wp-block-list\">\n<li>Ville de Pl\u00e9rin <strong>1622 km<\/strong><\/li>\n\n\n\n<li>Commue de Binic Etables\/mer <strong>1561 km<\/strong><\/li>\n\n\n\n<li>Ville de Saint-Brieuc<strong> 1391 km<\/strong><\/li>\n<\/ol>\n\n\n\n<p>Ville de Pl\u00e9rin 1\u00e8re \u00e9galement en multimodal avec <strong>10041 km<\/strong> dont pr\u00e8s de la moiti\u00e9 en covoiturage&nbsp;!<\/p>\n\n\n\n<hr class=\"wp-block-separator has-alpha-channel-opacity\"\/>\n\n\n\n<p><strong>Agglom\u00e9ration<\/strong><\/p>\n\n\n\n<ol class=\"wp-block-list\">\n<li>Saint-Brieuc Armor Agglom\u00e9ration <strong>1008 km<\/strong> de v\u00e9lo et <strong>7132 km<\/strong> multimodaux<\/li>\n\n\n\n<li>Guingamp-Paimpol Agglom\u00e9ration <strong>887 km<\/strong> de v\u00e9lo et <strong>3442 km<\/strong> multimodaux<\/li>\n<\/ol>\n\n\n\n<hr class=\"wp-block-separator has-alpha-channel-opacity\"\/>\n\n\n\n<p><strong>Structures 1-2 personnes<\/strong><\/p>\n\n\n\n<ol class=\"wp-block-list\">\n<li>V\u00e9loman <strong>480 km<\/strong><\/li>\n\n\n\n<li>Run Aventure Pl\u00e9rin <strong>96 km<\/strong><\/li>\n\n\n\n<li>Mace Robotics <strong>75 km<\/strong><\/li>\n<\/ol>\n\n\n\n<hr class=\"wp-block-separator has-alpha-channel-opacity\"\/>\n\n\n\n<p><strong>Structures 3-20 personnes<\/strong><\/p>\n\n\n\n<ol class=\"wp-block-list\">\n<li>Giant <strong>1551 km<\/strong><\/li>\n\n\n\n<li>C\u00f4tes d\u2019Armor Destination<strong> 665 km<\/strong> (3 fois plus de km que l\u2019an pass\u00e9 )&nbsp;!<\/li>\n\n\n\n<li>Akol\u00e9o <strong>527 km<\/strong><\/li>\n<\/ol>\n\n\n\n<p>1<sup>er<\/sup> en km Pi\u00e9ton dans sa cat\u00e9gorier&nbsp;: AKOLEO <strong>195 km<\/strong><\/p>\n\n\n\n<p>1<sup>er<\/sup> en multimodal de sa cat\u00e9gorie&nbsp;: Cotes d\u2019armor Destination<strong> 3292 km<\/strong><\/p>\n\n\n\n<hr class=\"wp-block-separator has-alpha-channel-opacity\"\/>\n\n\n\n<p><strong>Structures 21-50 personnes<\/strong><\/p>\n\n\n\n<ol class=\"wp-block-list\">\n<li>ADAC 22 <strong>351 km<\/strong><\/li>\n\n\n\n<li>ADAPEI POLE DE COORDINATION <strong>343 km<\/strong><\/li>\n\n\n\n<li>Maison d\u2019arr\u00eat de Saint Brieuc <strong>335 km<\/strong><\/li>\n<\/ol>\n\n\n\n<p>Ligue de l\u2019enseignement 1\u00e8re en multimodal de sa cat\u00e9gorie avec <strong>3805 km<\/strong><\/p>\n\n\n\n<hr class=\"wp-block-separator has-alpha-channel-opacity\"\/>\n\n\n\n<p><strong>Structures 51-100 personnes<\/strong><\/p>\n\n\n\n<ol class=\"wp-block-list\">\n<li>Syndicat D\u00e9partemental d\u2019\u00c9nergie SDE22 <strong>824 km<\/strong><\/li>\n\n\n\n<li>CEREMA Ouest Saint-Brieuc <strong>520 km<\/strong><\/li>\n\n\n\n<li>ACAP <strong>390 km<\/strong><\/li>\n<\/ol>\n\n\n\n<p>Grand Chelem du SDE22 qui est 1<sup>er<\/sup> en V\u00e9lo \/ bus et covoiturage et multimodal dans sa cat\u00e9gorie. <strong>14285 <\/strong>de km multimodaux<\/p>\n\n\n\n<hr class=\"wp-block-separator has-alpha-channel-opacity\"\/>\n\n\n\n<p><strong>Structures 101-200 personnes<\/strong><\/p>\n\n\n\n<ol class=\"wp-block-list\">\n<li>ANSES <strong>745 km<\/strong> (pr\u00e8s de 2 fois plus de km que l\u2019an pass\u00e9)<\/li>\n\n\n\n<li>ITEP22 PRP BRETILLES ARMOR<strong> 485 km<\/strong><\/li>\n\n\n\n<li>Centre de Gestion des C\u00f4tes d\u2019Armor <strong>365 km<\/strong><\/li>\n<\/ol>\n\n\n\n<p>Super Pi\u00e9ton Max Sauer <strong>275 km<\/strong> \u00e0 pieds&nbsp;!<\/p>\n\n\n\n<p>1<sup>er<\/sup> multimodal de sa cat\u00e9gorie ANSES <strong>8784 km<\/strong><\/p>\n\n\n\n<hr class=\"wp-block-separator has-alpha-channel-opacity\"\/>\n\n\n\n<p><strong>Structures 201-400 personnes<\/strong><\/p>\n\n\n\n<p><em>nouveau leader de cat\u00e9gorie&nbsp;!<\/em><\/p>\n\n\n\n<ol class=\"wp-block-list\">\n<li>Laboc\u00e9a <strong>804 km<\/strong><\/li>\n\n\n\n<li>Bioarmor Kersia <strong>507 km<\/strong><\/li>\n\n\n\n<li>CPAM <strong>343 km<\/strong><\/li>\n<\/ol>\n\n\n\n<hr class=\"wp-block-separator has-alpha-channel-opacity\"\/>\n\n\n\n<p><strong>Structures &gt;400 personnes<\/strong><\/p>\n\n\n\n<ol class=\"wp-block-list\">\n<li>Centre Hospitalier Saint Brieuc Paimpol Tr\u00e9guier<strong> 7698 km<\/strong><\/li>\n\n\n\n<li>D\u00e9partement des C\u00f4tes d4armor <strong>3<\/strong><strong>545<\/strong><strong> km<\/strong><\/li>\n\n\n\n<li>Cr\u00e9dit Agricole <strong>1437 km<\/strong><\/li>\n<\/ol>\n\n\n\n<p><strong>Super ambassadeur<\/strong> DDFIP avec pr\u00e8s de <strong>40&nbsp;% de participants \u00ab&nbsp;d\u00e9butants&nbsp;\u00bb<\/strong><\/p>\n\n\n\n<p>Entreprise la plus multimodale de sa cat\u00e9gorie Centre Hospitalier St-Brieuc Paimpol Tr\u00e9guier <strong>31084 km<\/strong><\/p>\n\n\n\n<hr class=\"wp-block-separator has-alpha-channel-opacity\"\/>\n\n\n\n<h2 class=\"wp-block-heading\"><strong>\u00c9tablissements Scolaires<\/strong><\/h2>\n\n\n\n<p>26 \u00e9tablissements scolaires cette ann\u00e9e, c\u2019est \u00e9norme<\/p>\n\n\n\n<p><strong>Mobilit\u00e9 cyclable<\/strong><\/p>\n\n\n\n<ol class=\"wp-block-list\">\n<li>Ecole Notre-Dame Langueux <strong>3855 km<\/strong> et 203 participants, chapeau<\/li>\n\n\n\n<li>Ecole Pasteur Tr\u00e9gueux <strong>1541 km<\/strong><\/li>\n\n\n\n<li>Coll\u00e8ge L\u00e9quier Pl\u00e9rin<strong> 1303 km <\/strong><\/li>\n<\/ol>\n\n\n\n<p><\/p>\n\n\n\n<p><strong>Multimodalit\u00e9<\/strong><\/p>\n\n\n\n<ol class=\"wp-block-list\">\n<li>Coll\u00e8ge Anatole Le Braz <strong>30937 km<\/strong> multimodaux . C\u2019est exemplaire&nbsp;! Ils sont all\u00e9 chercher plus de 21000 km en Transports en Commun et plus de 3500 km \u00e0 pieds<\/li>\n\n\n\n<li>Lyc\u00e9e Sacr\u00e9-Coeur<strong> 8252 km<\/strong><\/li>\n\n\n\n<li>Ecole La Villette Ploufragan 1\u00e8re participation et <strong>450 km<\/strong> de v\u00e9lo <\/li>\n<\/ol>\n\n\n\n<p><strong>Prix de l\u2019enthousiasme<\/strong><\/p>\n\n\n\n<p>\u00c9cole Primaire Les Gr\u00e8ves Langueux \u2013 c\u2019est notre petit coup de coeur depuis quelques ann\u00e9es. On appr\u00e9cie leur enthousiasme et nous les remercions pour les nouvelles r\u00e9guli\u00e8res qu\u2019ils nous donnent.<\/p>\n\n\n\n<figure class=\"wp-block-image size-full\"><img loading=\"lazy\" decoding=\"async\" width=\"960\" height=\"720\" src=\"https:\/\/challenge-velo-utile.fr\/wp-content\/uploads\/2025\/06\/Ecole_les_greves_bras_en_lair.jpg\" alt=\"\" class=\"wp-image-285\" srcset=\"https:\/\/challenge-velo-utile.fr\/wp-content\/uploads\/2025\/06\/Ecole_les_greves_bras_en_lair.jpg 960w, https:\/\/challenge-velo-utile.fr\/wp-content\/uploads\/2025\/06\/Ecole_les_greves_bras_en_lair-300x225.jpg 300w, https:\/\/challenge-velo-utile.fr\/wp-content\/uploads\/2025\/06\/Ecole_les_greves_bras_en_lair-768x576.jpg 768w\" sizes=\"auto, (max-width: 960px) 100vw, 960px\" \/><\/figure>\n\n\n\n<p><strong>Prix de la Fidelit\u00e9<\/strong><\/p>\n\n\n\n<p>Ecole Ste Anne Binic Etables\/mer 10\u00e8me participation; pour un \u00e9tablissement scolaire c\u2019est exemplaire<\/p>\n\n\n\n<figure class=\"wp-block-image size-full\"><img loading=\"lazy\" decoding=\"async\" width=\"800\" height=\"501\" src=\"https:\/\/challenge-velo-utile.fr\/wp-content\/uploads\/2025\/06\/Ecole_sainte_anne_etables.jpg\" alt=\"\" class=\"wp-image-286\" srcset=\"https:\/\/challenge-velo-utile.fr\/wp-content\/uploads\/2025\/06\/Ecole_sainte_anne_etables.jpg 800w, https:\/\/challenge-velo-utile.fr\/wp-content\/uploads\/2025\/06\/Ecole_sainte_anne_etables-300x188.jpg 300w, https:\/\/challenge-velo-utile.fr\/wp-content\/uploads\/2025\/06\/Ecole_sainte_anne_etables-768x481.jpg 768w\" sizes=\"auto, (max-width: 800px) 100vw, 800px\" \/><\/figure>\n\n\n\n<hr class=\"wp-block-separator has-alpha-channel-opacity\"\/>\n\n\n\n<h2 class=\"wp-block-heading has-text-align-center\">PRIX SP\u00c9CIAUX<\/h2>\n\n\n\n<h2 class=\"wp-block-heading\"><strong>Prix de l\u2019engagement public<\/strong><\/h2>\n\n\n\n<p><strong>Ville de Tr\u00e9gueux<\/strong> \u2013 qui a inscrit l\u2019ensemble de ses \u00e9coles ainsi que sa cr\u00e8che au challenge et ainsi une dynamique collective forte en faveur de la mobilit\u00e9 cyclable sur son territoire communal<\/p>\n\n\n\n<h2 class=\"wp-block-heading\"><strong>Prix Sell\u2019fie<\/strong><\/h2>\n\n\n\n<p><strong>CLPS<\/strong><\/p>\n\n\n\n<figure class=\"wp-block-image size-large\"><img loading=\"lazy\" decoding=\"async\" width=\"1024\" height=\"640\" src=\"https:\/\/challenge-velo-utile.fr\/wp-content\/uploads\/2025\/06\/CLPS-1024x640.jpeg\" alt=\"\" class=\"wp-image-284\" srcset=\"https:\/\/challenge-velo-utile.fr\/wp-content\/uploads\/2025\/06\/CLPS-1024x640.jpeg 1024w, https:\/\/challenge-velo-utile.fr\/wp-content\/uploads\/2025\/06\/CLPS-300x188.jpeg 300w, https:\/\/challenge-velo-utile.fr\/wp-content\/uploads\/2025\/06\/CLPS-768x480.jpeg 768w, https:\/\/challenge-velo-utile.fr\/wp-content\/uploads\/2025\/06\/CLPS-1536x961.jpeg 1536w, https:\/\/challenge-velo-utile.fr\/wp-content\/uploads\/2025\/06\/CLPS.jpeg 1671w\" sizes=\"auto, (max-width: 1024px) 100vw, 1024px\" \/><\/figure>\n","protected":false},"excerpt":{"rendered":"<p>Sacr\u00e9e \u00e9dition du challenge des mobilit\u00e9s Saint-Brieuc Armor (12-18 mai) cette ann\u00e9e avec une participation et des km parcourus impressionnants. LE D\u00c9FI COLLECTIF 4674 Participants 67 228 km de v\u00e9lo \/ 7j 1.7 fois le Tour de la Terre ! 346 856 km multimodaux \ud83c\udfc3\u200d\u2642\ufe0f\u200d \/ 7j Quasi (0.9 fois) la distance de la Terre&hellip; <br \/> <a class=\"read-more\" href=\"https:\/\/challenge-velo-utile.fr\/index.php\/palmares-2025\/\">Lire la suite<\/a><\/p>\n","protected":false},"author":1,"featured_media":0,"parent":0,"menu_order":0,"comment_status":"closed","ping_status":"closed","template":"","meta":{"footnotes":""},"class_list":["post-283","page","type-page","status-publish","hentry"],"yoast_head":"<!-- This site is optimized with the Yoast SEO plugin v27.4 - https:\/\/yoast.com\/product\/yoast-seo-wordpress\/ -->\n<title>Palmar\u00e8s 2025 - Le challenge des mobilit\u00e9s St-Brieuc C\u00f4tes d&#039;Armor<\/title>\n<meta name=\"robots\" content=\"index, follow, max-snippet:-1, max-image-preview:large, max-video-preview:-1\" \/>\n<link rel=\"canonical\" href=\"https:\/\/challenge-velo-utile.fr\/index.php\/palmares-2025\/\" \/>\n<meta property=\"og:locale\" content=\"fr_FR\" \/>\n<meta property=\"og:type\" content=\"article\" \/>\n<meta property=\"og:title\" content=\"Palmar\u00e8s 2025 - Le challenge des mobilit\u00e9s St-Brieuc C\u00f4tes d&#039;Armor\" \/>\n<meta property=\"og:description\" content=\"Sacr\u00e9e \u00e9dition du challenge des mobilit\u00e9s Saint-Brieuc Armor (12-18 mai) cette ann\u00e9e avec une participation et des km parcourus impressionnants. LE D\u00c9FI COLLECTIF 4674 Participants 67 228 km de v\u00e9lo \/ 7j 1.7 fois le Tour de la Terre ! 346 856 km multimodaux \ud83c\udfc3\u200d\u2642\ufe0f\u200d \/ 7j Quasi (0.9 fois) la distance de la Terre&hellip; Lire la suite\" \/>\n<meta property=\"og:url\" content=\"https:\/\/challenge-velo-utile.fr\/index.php\/palmares-2025\/\" \/>\n<meta property=\"og:site_name\" content=\"Le challenge des mobilit\u00e9s St-Brieuc C\u00f4tes d&#039;Armor\" \/>\n<meta property=\"article:publisher\" content=\"https:\/\/www.facebook.com\/challengeveloutile\/\" \/>\n<meta property=\"article:modified_time\" content=\"2025-06-17T08:43:20+00:00\" \/>\n<meta property=\"og:image\" content=\"https:\/\/challenge-velo-utile.fr\/wp-content\/uploads\/2025\/06\/20250616_104422_resized.jpg\" \/>\n\t<meta property=\"og:image:width\" content=\"756\" \/>\n\t<meta property=\"og:image:height\" content=\"1008\" \/>\n\t<meta property=\"og:image:type\" content=\"image\/jpeg\" \/>\n<meta name=\"twitter:card\" content=\"summary_large_image\" \/>\n<meta name=\"twitter:site\" content=\"@CHALLENGEVELO22\" \/>\n<meta name=\"twitter:label1\" content=\"Dur\u00e9e de lecture estim\u00e9e\" \/>\n\t<meta name=\"twitter:data1\" content=\"6 minutes\" \/>\n<script type=\"application\/ld+json\" class=\"yoast-schema-graph\">{\"@context\":\"https:\\\/\\\/schema.org\",\"@graph\":[{\"@type\":\"WebPage\",\"@id\":\"https:\\\/\\\/challenge-velo-utile.fr\\\/index.php\\\/palmares-2025\\\/\",\"url\":\"https:\\\/\\\/challenge-velo-utile.fr\\\/index.php\\\/palmares-2025\\\/\",\"name\":\"Palmar\u00e8s 2025 - Le challenge des mobilit\u00e9s St-Brieuc C\u00f4tes d&#039;Armor\",\"isPartOf\":{\"@id\":\"https:\\\/\\\/challenge-velo-utile.fr\\\/#website\"},\"primaryImageOfPage\":{\"@id\":\"https:\\\/\\\/challenge-velo-utile.fr\\\/index.php\\\/palmares-2025\\\/#primaryimage\"},\"image\":{\"@id\":\"https:\\\/\\\/challenge-velo-utile.fr\\\/index.php\\\/palmares-2025\\\/#primaryimage\"},\"thumbnailUrl\":\"https:\\\/\\\/challenge-velo-utile.fr\\\/wp-content\\\/uploads\\\/2025\\\/06\\\/20250616_104422_resized.jpg\",\"datePublished\":\"2025-06-17T08:13:43+00:00\",\"dateModified\":\"2025-06-17T08:43:20+00:00\",\"breadcrumb\":{\"@id\":\"https:\\\/\\\/challenge-velo-utile.fr\\\/index.php\\\/palmares-2025\\\/#breadcrumb\"},\"inLanguage\":\"fr-FR\",\"potentialAction\":[{\"@type\":\"ReadAction\",\"target\":[\"https:\\\/\\\/challenge-velo-utile.fr\\\/index.php\\\/palmares-2025\\\/\"]}]},{\"@type\":\"ImageObject\",\"inLanguage\":\"fr-FR\",\"@id\":\"https:\\\/\\\/challenge-velo-utile.fr\\\/index.php\\\/palmares-2025\\\/#primaryimage\",\"url\":\"https:\\\/\\\/challenge-velo-utile.fr\\\/wp-content\\\/uploads\\\/2025\\\/06\\\/20250616_104422_resized.jpg\",\"contentUrl\":\"https:\\\/\\\/challenge-velo-utile.fr\\\/wp-content\\\/uploads\\\/2025\\\/06\\\/20250616_104422_resized.jpg\",\"width\":756,\"height\":1008},{\"@type\":\"BreadcrumbList\",\"@id\":\"https:\\\/\\\/challenge-velo-utile.fr\\\/index.php\\\/palmares-2025\\\/#breadcrumb\",\"itemListElement\":[{\"@type\":\"ListItem\",\"position\":1,\"name\":\"Accueil\",\"item\":\"https:\\\/\\\/challenge-velo-utile.fr\\\/\"},{\"@type\":\"ListItem\",\"position\":2,\"name\":\"Palmar\u00e8s 2025\"}]},{\"@type\":\"WebSite\",\"@id\":\"https:\\\/\\\/challenge-velo-utile.fr\\\/#website\",\"url\":\"https:\\\/\\\/challenge-velo-utile.fr\\\/\",\"name\":\"Le challenge des mobilit\u00e9s St-Brieuc C\u00f4tes d'Armor\",\"description\":\"\",\"publisher\":{\"@id\":\"https:\\\/\\\/challenge-velo-utile.fr\\\/#organization\"},\"alternateName\":\"Challenge V\u00e9lo Utile\",\"potentialAction\":[{\"@type\":\"SearchAction\",\"target\":{\"@type\":\"EntryPoint\",\"urlTemplate\":\"https:\\\/\\\/challenge-velo-utile.fr\\\/?s={search_term_string}\"},\"query-input\":{\"@type\":\"PropertyValueSpecification\",\"valueRequired\":true,\"valueName\":\"search_term_string\"}}],\"inLanguage\":\"fr-FR\"},{\"@type\":\"Organization\",\"@id\":\"https:\\\/\\\/challenge-velo-utile.fr\\\/#organization\",\"name\":\"Le challenge des mobilit\u00e9s St-Brieuc C\u00f4tes d'Armor\",\"alternateName\":\"Challenge V\u00e9lo Utile\",\"url\":\"https:\\\/\\\/challenge-velo-utile.fr\\\/\",\"logo\":{\"@type\":\"ImageObject\",\"inLanguage\":\"fr-FR\",\"@id\":\"https:\\\/\\\/challenge-velo-utile.fr\\\/#\\\/schema\\\/logo\\\/image\\\/\",\"url\":\"https:\\\/\\\/challenge-velo-utile.fr\\\/wp-content\\\/uploads\\\/2023\\\/11\\\/A3-CMSBA2024.png\",\"contentUrl\":\"https:\\\/\\\/challenge-velo-utile.fr\\\/wp-content\\\/uploads\\\/2023\\\/11\\\/A3-CMSBA2024.png\",\"width\":842,\"height\":1191,\"caption\":\"Le challenge des mobilit\u00e9s St-Brieuc C\u00f4tes d'Armor\"},\"image\":{\"@id\":\"https:\\\/\\\/challenge-velo-utile.fr\\\/#\\\/schema\\\/logo\\\/image\\\/\"},\"sameAs\":[\"https:\\\/\\\/www.facebook.com\\\/challengeveloutile\\\/\",\"https:\\\/\\\/x.com\\\/CHALLENGEVELO22\"]}]}<\/script>\n<!-- \/ Yoast SEO plugin. -->","yoast_head_json":{"title":"Palmar\u00e8s 2025 - Le challenge des mobilit\u00e9s St-Brieuc C\u00f4tes d&#039;Armor","robots":{"index":"index","follow":"follow","max-snippet":"max-snippet:-1","max-image-preview":"max-image-preview:large","max-video-preview":"max-video-preview:-1"},"canonical":"https:\/\/challenge-velo-utile.fr\/index.php\/palmares-2025\/","og_locale":"fr_FR","og_type":"article","og_title":"Palmar\u00e8s 2025 - Le challenge des mobilit\u00e9s St-Brieuc C\u00f4tes d&#039;Armor","og_description":"Sacr\u00e9e \u00e9dition du challenge des mobilit\u00e9s Saint-Brieuc Armor (12-18 mai) cette ann\u00e9e avec une participation et des km parcourus impressionnants. LE D\u00c9FI COLLECTIF 4674 Participants 67 228 km de v\u00e9lo \/ 7j 1.7 fois le Tour de la Terre ! 346 856 km multimodaux \ud83c\udfc3\u200d\u2642\ufe0f\u200d \/ 7j Quasi (0.9 fois) la distance de la Terre&hellip; Lire la suite","og_url":"https:\/\/challenge-velo-utile.fr\/index.php\/palmares-2025\/","og_site_name":"Le challenge des mobilit\u00e9s St-Brieuc C\u00f4tes d&#039;Armor","article_publisher":"https:\/\/www.facebook.com\/challengeveloutile\/","article_modified_time":"2025-06-17T08:43:20+00:00","og_image":[{"width":756,"height":1008,"url":"https:\/\/challenge-velo-utile.fr\/wp-content\/uploads\/2025\/06\/20250616_104422_resized.jpg","type":"image\/jpeg"}],"twitter_card":"summary_large_image","twitter_site":"@CHALLENGEVELO22","twitter_misc":{"Dur\u00e9e de lecture estim\u00e9e":"6 minutes"},"schema":{"@context":"https:\/\/schema.org","@graph":[{"@type":"WebPage","@id":"https:\/\/challenge-velo-utile.fr\/index.php\/palmares-2025\/","url":"https:\/\/challenge-velo-utile.fr\/index.php\/palmares-2025\/","name":"Palmar\u00e8s 2025 - Le challenge des mobilit\u00e9s St-Brieuc C\u00f4tes d&#039;Armor","isPartOf":{"@id":"https:\/\/challenge-velo-utile.fr\/#website"},"primaryImageOfPage":{"@id":"https:\/\/challenge-velo-utile.fr\/index.php\/palmares-2025\/#primaryimage"},"image":{"@id":"https:\/\/challenge-velo-utile.fr\/index.php\/palmares-2025\/#primaryimage"},"thumbnailUrl":"https:\/\/challenge-velo-utile.fr\/wp-content\/uploads\/2025\/06\/20250616_104422_resized.jpg","datePublished":"2025-06-17T08:13:43+00:00","dateModified":"2025-06-17T08:43:20+00:00","breadcrumb":{"@id":"https:\/\/challenge-velo-utile.fr\/index.php\/palmares-2025\/#breadcrumb"},"inLanguage":"fr-FR","potentialAction":[{"@type":"ReadAction","target":["https:\/\/challenge-velo-utile.fr\/index.php\/palmares-2025\/"]}]},{"@type":"ImageObject","inLanguage":"fr-FR","@id":"https:\/\/challenge-velo-utile.fr\/index.php\/palmares-2025\/#primaryimage","url":"https:\/\/challenge-velo-utile.fr\/wp-content\/uploads\/2025\/06\/20250616_104422_resized.jpg","contentUrl":"https:\/\/challenge-velo-utile.fr\/wp-content\/uploads\/2025\/06\/20250616_104422_resized.jpg","width":756,"height":1008},{"@type":"BreadcrumbList","@id":"https:\/\/challenge-velo-utile.fr\/index.php\/palmares-2025\/#breadcrumb","itemListElement":[{"@type":"ListItem","position":1,"name":"Accueil","item":"https:\/\/challenge-velo-utile.fr\/"},{"@type":"ListItem","position":2,"name":"Palmar\u00e8s 2025"}]},{"@type":"WebSite","@id":"https:\/\/challenge-velo-utile.fr\/#website","url":"https:\/\/challenge-velo-utile.fr\/","name":"Le challenge des mobilit\u00e9s St-Brieuc C\u00f4tes d'Armor","description":"","publisher":{"@id":"https:\/\/challenge-velo-utile.fr\/#organization"},"alternateName":"Challenge V\u00e9lo Utile","potentialAction":[{"@type":"SearchAction","target":{"@type":"EntryPoint","urlTemplate":"https:\/\/challenge-velo-utile.fr\/?s={search_term_string}"},"query-input":{"@type":"PropertyValueSpecification","valueRequired":true,"valueName":"search_term_string"}}],"inLanguage":"fr-FR"},{"@type":"Organization","@id":"https:\/\/challenge-velo-utile.fr\/#organization","name":"Le challenge des mobilit\u00e9s St-Brieuc C\u00f4tes d'Armor","alternateName":"Challenge V\u00e9lo Utile","url":"https:\/\/challenge-velo-utile.fr\/","logo":{"@type":"ImageObject","inLanguage":"fr-FR","@id":"https:\/\/challenge-velo-utile.fr\/#\/schema\/logo\/image\/","url":"https:\/\/challenge-velo-utile.fr\/wp-content\/uploads\/2023\/11\/A3-CMSBA2024.png","contentUrl":"https:\/\/challenge-velo-utile.fr\/wp-content\/uploads\/2023\/11\/A3-CMSBA2024.png","width":842,"height":1191,"caption":"Le challenge des mobilit\u00e9s St-Brieuc C\u00f4tes d'Armor"},"image":{"@id":"https:\/\/challenge-velo-utile.fr\/#\/schema\/logo\/image\/"},"sameAs":["https:\/\/www.facebook.com\/challengeveloutile\/","https:\/\/x.com\/CHALLENGEVELO22"]}]}},"_links":{"self":[{"href":"https:\/\/challenge-velo-utile.fr\/index.php\/wp-json\/wp\/v2\/pages\/283","targetHints":{"allow":["GET"]}}],"collection":[{"href":"https:\/\/challenge-velo-utile.fr\/index.php\/wp-json\/wp\/v2\/pages"}],"about":[{"href":"https:\/\/challenge-velo-utile.fr\/index.php\/wp-json\/wp\/v2\/types\/page"}],"author":[{"embeddable":true,"href":"https:\/\/challenge-velo-utile.fr\/index.php\/wp-json\/wp\/v2\/users\/1"}],"replies":[{"embeddable":true,"href":"https:\/\/challenge-velo-utile.fr\/index.php\/wp-json\/wp\/v2\/comments?post=283"}],"version-history":[{"count":3,"href":"https:\/\/challenge-velo-utile.fr\/index.php\/wp-json\/wp\/v2\/pages\/283\/revisions"}],"predecessor-version":[{"id":294,"href":"https:\/\/challenge-velo-utile.fr\/index.php\/wp-json\/wp\/v2\/pages\/283\/revisions\/294"}],"wp:attachment":[{"href":"https:\/\/challenge-velo-utile.fr\/index.php\/wp-json\/wp\/v2\/media?parent=283"}],"curies":[{"name":"wp","href":"https:\/\/api.w.org\/{rel}","templated":true}]}}