{"version":"1.0","provider_name":"Le challenge des mobilit\u00e9s St-Brieuc C\u00f4tes d&#039;Armor","provider_url":"https:\/\/challenge-velo-utile.fr","author_name":"admin6564","author_url":"https:\/\/challenge-velo-utile.fr\/index.php\/author\/admin6564\/","title":"Front Page - Le challenge des mobilit\u00e9s St-Brieuc C\u00f4tes d&#039;Armor","type":"rich","width":600,"height":338,"html":"<blockquote class=\"wp-embedded-content\" data-secret=\"uHIC4I1ZcJ\"><a href=\"https:\/\/challenge-velo-utile.fr\/\">Front Page<\/a><\/blockquote><iframe sandbox=\"allow-scripts\" security=\"restricted\" src=\"https:\/\/challenge-velo-utile.fr\/embed\/#?secret=uHIC4I1ZcJ\" width=\"600\" height=\"338\" title=\"\u00ab\u00a0Front Page\u00a0\u00bb &#8212; Le challenge des mobilit\u00e9s St-Brieuc C\u00f4tes d&#039;Armor\" data-secret=\"uHIC4I1ZcJ\" frameborder=\"0\" marginwidth=\"0\" marginheight=\"0\" scrolling=\"no\" class=\"wp-embedded-content\"><\/iframe><script type=\"text\/javascript\">\n\/* <![CDATA[ *\/\n\/*! This file is auto-generated *\/\n!function(d,l){\"use strict\";l.querySelector&&d.addEventListener&&\"undefined\"!=typeof URL&&(d.wp=d.wp||{},d.wp.receiveEmbedMessage||(d.wp.receiveEmbedMessage=function(e){var t=e.data;if((t||t.secret||t.message||t.value)&&!\/[^a-zA-Z0-9]\/.test(t.secret)){for(var s,r,n,a=l.querySelectorAll('iframe[data-secret=\"'+t.secret+'\"]'),o=l.querySelectorAll('blockquote[data-secret=\"'+t.secret+'\"]'),c=new RegExp(\"^https?:$\",\"i\"),i=0;i<o.length;i++)o[i].style.display=\"none\";for(i=0;i<a.length;i++)s=a[i],e.source===s.contentWindow&&(s.removeAttribute(\"style\"),\"height\"===t.message?(1e3<(r=parseInt(t.value,10))?r=1e3:~~r<200&&(r=200),s.height=r):\"link\"===t.message&&(r=new URL(s.getAttribute(\"src\")),n=new URL(t.value),c.test(n.protocol))&&n.host===r.host&&l.activeElement===s&&(d.top.location.href=t.value))}},d.addEventListener(\"message\",d.wp.receiveEmbedMessage,!1),l.addEventListener(\"DOMContentLoaded\",function(){for(var e,t,s=l.querySelectorAll(\"iframe.wp-embedded-content\"),r=0;r<s.length;r++)(t=(e=s[r]).getAttribute(\"data-secret\"))||(t=Math.random().toString(36).substring(2,12),e.src+=\"#?secret=\"+t,e.setAttribute(\"data-secret\",t)),e.contentWindow.postMessage({message:\"ready\",secret:t},\"*\")},!1)))}(window,document);\n\/\/# sourceURL=https:\/\/challenge-velo-utile.fr\/wp-includes\/js\/wp-embed.min.js\n\/* ]]> *\/\n<\/script>\n","description":"POUR TOUS ! Le Challenge des Mobilit\u00e9s est un \u00e9v\u00e9nement ouvert \u00e0 toutes les structures, ENTREPRISES, ETABLISSEMENTS PUBLICS, ASSOCIATIONS, ECOLES (personnels et \u00e9l\u00e8ves)Pour cette 11\u00e8me \u00e9dition, les \u00e9quipes p\u00e9daleront du 18 au 24 Mai 2026. Se d\u00e9placer DIFF\u00c9REMMENT c\u2019est POSSIBLE ! 1 Semaine Pour se convaincre Par \u00e9quipe, les participants comptabilisent durant 1 semaine (18&hellip; Lire la suite","thumbnail_url":"http:\/\/challenge-velo-utile.fr\/wp-content\/uploads\/2025\/12\/CHALLENGE2026_ABRIBUS.jpg"}